{"id":29327,"date":"2025-12-04T13:56:37","date_gmt":"2025-12-04T16:56:37","guid":{"rendered":"https:\/\/brasilinovador.com.br\/guia\/?post_type=painel&#038;p=29327"},"modified":"2026-02-07T15:14:06","modified_gmt":"2026-02-07T18:14:06","slug":"arthur-reis-presidente-do-secops-summit-palestrante-tecnologia-ciberseguranca-brasil","status":"publish","type":"painel","link":"https:\/\/brasilinovador.com.br\/guia\/pagina\/arthur-reis-presidente-do-secops-summit-palestrante-tecnologia-ciberseguranca-brasil\/","title":{"rendered":"ARTHUR REIS"},"author":4,"featured_media":29328,"template":"","estadocidade":[5640,4312,3987],"guia-categoria":[],"class_list":["post-29327","painel","type-painel","status-publish","has-post-thumbnail","hentry","estadocidade-brasil","estadocidade-porto-alegre","estadocidade-rs"],"atividade":"Presidente do SecOps Summit","url_da_empresa":"https:\/\/www.linkedin.com\/in\/arthurreisdigital\/","palavras-chave":"\"SECOPS\" \r\n\"SECOPS SUMMIT\"\r\n\r\nArthur Reis \u00e9 uma figura central no cen\u00e1rio de seguran\u00e7a da informa\u00e7\u00e3o e tecnologia da informa\u00e7\u00e3o (TI) no sul do Brasil, conhecido principalmente como:\r\n\r\nFundador e Presidente\/CEO do SecOps Summit, um grande evento dedicado \u00e0 Seguran\u00e7a da Informa\u00e7\u00e3o e Opera\u00e7\u00f5es de TI.\r\n\r\nFundador da Arthur Reis Digital, a produtora e detentora do SecOps Summit.\r\n\r\n\ud83d\udcbb Trajet\u00f3ria Profissional em TI\r\n\r\nPossui mais de 20 anos de experi\u00eancia na \u00e1rea de TI, tendo iniciado sua forma\u00e7\u00e3o no curso t\u00e9cnico de inform\u00e1tica.\r\n\r\nFez gradua\u00e7\u00e3o na \u00e1rea de Gest\u00e3o de TI.\r\n\r\nFez especializa\u00e7\u00e3o e p\u00f3s-gradua\u00e7\u00e3o em ciberseguran\u00e7a.\r\n\r\n\r\n\ud83d\udca1 Vis\u00e3o e Prop\u00f3sito do SecOps Summit\r\n\r\nEle fundou o SecOps Summit em 2023, com a primeira edi\u00e7\u00e3o realizada em 2024, ap\u00f3s uma profunda pesquisa de mercado para identificar as necessidades e lacunas enfrentadas por l\u00edderes e gestores de TI.\r\n\r\nO evento, sob sua lideran\u00e7a, busca oferecer n\u00e3o apenas conte\u00fado relevante, mas tamb\u00e9m solu\u00e7\u00f5es pr\u00e1ticas em seguran\u00e7a da informa\u00e7\u00e3o, opera\u00e7\u00f5es de TI, e temas como intelig\u00eancia artificial, LGPD, blockchain e nuvem.\r\n\r\nO foco do evento \u00e9 no crescimento e desenvolvimento profissional, indo al\u00e9m das quest\u00f5es t\u00e9cnicas para abordar lideran\u00e7a, gest\u00e3o e estrat\u00e9gias de neg\u00f3cios.","_video":"https:\/\/youtu.be\/O5FZuU8STzg","_links":{"self":[{"href":"https:\/\/brasilinovador.com.br\/guia\/wp-json\/wp\/v2\/painel\/29327","targetHints":{"allow":["GET"]}}],"collection":[{"href":"https:\/\/brasilinovador.com.br\/guia\/wp-json\/wp\/v2\/painel"}],"about":[{"href":"https:\/\/brasilinovador.com.br\/guia\/wp-json\/wp\/v2\/types\/painel"}],"author":[{"embeddable":true,"href":"https:\/\/brasilinovador.com.br\/guia\/wp-json\/wp\/v2\/users\/4"}],"wp:featuredmedia":[{"embeddable":true,"href":"https:\/\/brasilinovador.com.br\/guia\/wp-json\/wp\/v2\/media\/29328"}],"wp:attachment":[{"href":"https:\/\/brasilinovador.com.br\/guia\/wp-json\/wp\/v2\/media?parent=29327"}],"wp:term":[{"taxonomy":"estadocidade","embeddable":true,"href":"https:\/\/brasilinovador.com.br\/guia\/wp-json\/wp\/v2\/estadocidade?post=29327"},{"taxonomy":"guia-categoria","embeddable":true,"href":"https:\/\/brasilinovador.com.br\/guia\/wp-json\/wp\/v2\/guia-categoria?post=29327"}],"curies":[{"name":"wp","href":"https:\/\/api.w.org\/{rel}","templated":true}]}}